{"id":2574,"date":"2022-11-07T17:43:30","date_gmt":"2022-11-07T16:43:30","guid":{"rendered":"https:\/\/famille.aapise.fr\/wordpress\/?page_id=2574"},"modified":"2022-12-29T15:14:32","modified_gmt":"2022-12-29T14:14:32","slug":"qu-est-ce-qu-un-cvs","status":"publish","type":"page","link":"https:\/\/famille.aapise.fr\/wordpress\/qu-est-ce-qu-un-cvs\/","title":{"rendered":"Qu\u2019est-ce qu\u2019un CVS ?"},"content":{"rendered":"<p>[et_pb_section fb_built=\u00a0\u00bb1&Prime; _builder_version=\u00a0\u00bb4.19.0&Prime; _module_preset=\u00a0\u00bbdefault\u00a0\u00bb background_color=\u00a0\u00bb#EAEDED\u00a0\u00bb bottom_divider_style=\u00a0\u00bbasymmetric\u00a0\u00bb bottom_divider_color=\u00a0\u00bb#FFFFFF\u00a0\u00bb animation_style=\u00a0\u00bbslide\u00a0\u00bb animation_direction=\u00a0\u00bbtop\u00a0\u00bb global_colors_info=\u00a0\u00bb{}\u00a0\u00bb][et_pb_row _builder_version=\u00a0\u00bb4.17.0&Prime; _module_preset=\u00a0\u00bbdefault\u00a0\u00bb global_colors_info=\u00a0\u00bb{}\u00a0\u00bb][et_pb_column type=\u00a0\u00bb4_4&Prime; _builder_version=\u00a0\u00bb4.17.0&Prime; _module_preset=\u00a0\u00bbdefault\u00a0\u00bb global_colors_info=\u00a0\u00bb{}\u00a0\u00bb][et_pb_text _builder_version=\u00a0\u00bb4.19.0&Prime; _module_preset=\u00a0\u00bbdefault\u00a0\u00bb header_font=\u00a0\u00bb|800||on|||||\u00a0\u00bb header_text_align=\u00a0\u00bbright\u00a0\u00bb header_text_color=\u00a0\u00bb#C70039&Prime; header_font_size=\u00a0\u00bb50px\u00a0\u00bb global_colors_info=\u00a0\u00bb{}\u00a0\u00bb]<\/p>\n<h1>Qu&rsquo;est-ce qu&rsquo;un CVS<\/h1>\n<p>[\/et_pb_text][\/et_pb_column][\/et_pb_row][\/et_pb_section][et_pb_section fb_built=\u00a0\u00bb1&Prime; _builder_version=\u00a0\u00bb4.19.0&Prime; _module_preset=\u00a0\u00bbdefault\u00a0\u00bb global_colors_info=\u00a0\u00bb{}\u00a0\u00bb][et_pb_row _builder_version=\u00a0\u00bb4.19.0&Prime; _module_preset=\u00a0\u00bbdefault\u00a0\u00bb global_colors_info=\u00a0\u00bb{}\u00a0\u00bb][et_pb_column type=\u00a0\u00bb4_4&Prime; _builder_version=\u00a0\u00bb4.19.0&Prime; _module_preset=\u00a0\u00bbdefault\u00a0\u00bb global_colors_info=\u00a0\u00bb{}\u00a0\u00bb][et_pb_text _builder_version=\u00a0\u00bb4.19.0&Prime; _module_preset=\u00a0\u00bbdefault\u00a0\u00bb header_2_font=\u00a0\u00bb|600|||||||\u00a0\u00bb header_2_text_align=\u00a0\u00bbcenter\u00a0\u00bb header_2_text_color=\u00a0\u00bb#c70039&Prime; global_colors_info=\u00a0\u00bb{}\u00a0\u00bb]<\/p>\n<h2>Qu\u2019est-ce qu\u2019un Conseil de la Vie Sociale ?<\/h2>\n<p>[\/et_pb_text][et_pb_image src=\u00a0\u00bbhttps:\/\/famille.aapise.fr\/wordpress\/wp-content\/uploads\/2022\/11\/cvs_ethique-1.jpeg\u00a0\u00bb title_text=\u00a0\u00bbcvs_ethique-1&Prime; url=\u00a0\u00bbhttps:\/\/famille.aapise.fr\/wordpress\/wp-content\/uploads\/2022\/11\/cvs_ethique.pdf\u00a0\u00bb url_new_window=\u00a0\u00bbon\u00a0\u00bb align=\u00a0\u00bbcenter\u00a0\u00bb _builder_version=\u00a0\u00bb4.19.0&Prime; _module_preset=\u00a0\u00bbdefault\u00a0\u00bb animation_style=\u00a0\u00bbfade\u00a0\u00bb global_colors_info=\u00a0\u00bb{}\u00a0\u00bb][\/et_pb_image][et_pb_text _builder_version=\u00a0\u00bb4.19.0&Prime; _module_preset=\u00a0\u00bbdefault\u00a0\u00bb text_orientation=\u00a0\u00bbcenter\u00a0\u00bb custom_margin=\u00a0\u00bb-20px||||false|false\u00a0\u00bb global_colors_info=\u00a0\u00bb{}\u00a0\u00bb]<\/p>\n<p>Cliquez sur l\u2019image pour voir le document (PDF).<\/p>\n<p>[\/et_pb_text][\/et_pb_column][\/et_pb_row][et_pb_row _builder_version=\u00a0\u00bb4.19.0&Prime; _module_preset=\u00a0\u00bbdefault\u00a0\u00bb global_colors_info=\u00a0\u00bb{}\u00a0\u00bb][et_pb_column type=\u00a0\u00bb4_4&Prime; _builder_version=\u00a0\u00bb4.19.0&Prime; _module_preset=\u00a0\u00bbdefault\u00a0\u00bb global_colors_info=\u00a0\u00bb{}\u00a0\u00bb][et_pb_text _builder_version=\u00a0\u00bb4.19.0&Prime; _module_preset=\u00a0\u00bbdefault\u00a0\u00bb global_colors_info=\u00a0\u00bb{}\u00a0\u00bb]<\/p>\n<p><span style=\"font-weight: 400;\">Entr\u00e9 en vigueur le 1er janvier 2023, le d\u00e9cret n\u00b0 2022-688 du 25 avril 2022 portant modification du conseil de la vie sociale et autres formes de participation pr\u00e9voit de nouvelles dispositions concernant la composition, le fonctionnement et les comp\u00e9tences de cette instance.\u00a0<\/span><\/p>\n<p><span style=\"font-weight: 400;\">A titre de rappel, <\/span><span style=\"font-weight: 400;\">le conseil de la vie sociale est mis en place lorsque l&rsquo;\u00e9tablissement ou le service assure un h\u00e9bergement ou un accueil de jour continu ou une activit\u00e9 d&rsquo;aide par le travail. Il n&rsquo;est pas obligatoire notamment lorsque l&rsquo;\u00e9tablissement ou service accueille majoritairement des mineurs de moins de onze ans ou faisant l\u2019objet de mesures \u00e9ducatives ordonn\u00e9es par l\u2019autorit\u00e9 judiciaire, ainsi que dans les lieux de vie et d&rsquo;accueil. En l\u2019absence de CVS, il est institu\u00e9 toute autre forme de participation (groupes d\u2019expression, organisation de consultations sur toutes questions concernant l\u2019organisation ou le fonctionnement, enqu\u00eates de satisfaction, etc.).\u00a0<\/span><\/p>\n<p><span style=\"font-weight: 400;\">La direction notifie la d\u00e9cision instituant le conseil de la vie sociale \u00e0 l\u2019autorit\u00e9 administrative comp\u00e9tente pour d\u00e9livrer l\u2019autorisation. <\/span><\/p>\n<p>[\/et_pb_text][\/et_pb_column][\/et_pb_row][et_pb_row _builder_version=\u00a0\u00bb4.19.0&Prime; _module_preset=\u00a0\u00bbdefault\u00a0\u00bb global_colors_info=\u00a0\u00bb{}\u00a0\u00bb][et_pb_column type=\u00a0\u00bb4_4&Prime; _builder_version=\u00a0\u00bb4.19.0&Prime; _module_preset=\u00a0\u00bbdefault\u00a0\u00bb global_colors_info=\u00a0\u00bb{}\u00a0\u00bb][et_pb_accordion closed_toggle_text_color=\u00a0\u00bb#c70039&Prime; _builder_version=\u00a0\u00bb4.19.0&Prime; _module_preset=\u00a0\u00bbdefault\u00a0\u00bb toggle_text_color=\u00a0\u00bb#c70039&Prime; toggle_font=\u00a0\u00bb|600||on|||||\u00a0\u00bb closed_toggle_font=\u00a0\u00bb|600|||||||\u00a0\u00bb closed_toggle_font_size=\u00a0\u00bb18px\u00a0\u00bb custom_margin=\u00a0\u00bb||60px||false|false\u00a0\u00bb hover_enabled=\u00a0\u00bb0&Prime; global_colors_info=\u00a0\u00bb{}\u00a0\u00bb sticky_enabled=\u00a0\u00bb0&Prime;][et_pb_accordion_item title=\u00a0\u00bb1 &#8211; Quelles sont les principales missions du CVS ?\u00a0\u00bb _builder_version=\u00a0\u00bb4.19.0&Prime; _module_preset=\u00a0\u00bbdefault\u00a0\u00bb global_colors_info=\u00a0\u00bb{}\u00a0\u00bb open=\u00a0\u00bbon\u00a0\u00bb]<\/p>\n<p style=\"text-align: justify;\">Le conseil de la vie sociale <strong>donne son avis et peut faire des propositions sur toute question int\u00e9ressant le fonctionnement de l&rsquo;\u00e9tablissement ou du service, <\/strong>notamment sur :<\/p>\n<ul>\n<li style=\"font-weight: 400;\" aria-level=\"1\"><span style=\"font-weight: 400;\">Les droits et libert\u00e9s des personnes accompagn\u00e9es ;<\/span><\/li>\n<li style=\"font-weight: 400;\" aria-level=\"1\"><span style=\"font-weight: 400;\">L\u2019organisation int\u00e9rieure et la vie quotidienne ;<\/span><\/li>\n<li style=\"font-weight: 400;\" aria-level=\"1\"><span style=\"font-weight: 400;\">Les activit\u00e9s, l\u2019animation socioculturelle et les prestations propos\u00e9es par l\u2019\u00e9tablissement ou services ;<\/span><\/li>\n<li style=\"font-weight: 400;\" aria-level=\"1\"><span style=\"font-weight: 400;\">Les projets de travaux et d\u2019\u00e9quipements ;<\/span><\/li>\n<li style=\"font-weight: 400;\" aria-level=\"1\"><span style=\"font-weight: 400;\">La nature et le prix des services rendus ;<\/span><\/li>\n<li style=\"font-weight: 400;\" aria-level=\"1\"><span style=\"font-weight: 400;\">L\u2019affectation des locaux collectifs, l\u2019entretien des locaux, les relogements pr\u00e9vus en cas de travaux ou de fermeture ;<\/span><\/li>\n<li style=\"font-weight: 400;\" aria-level=\"1\"><span style=\"font-weight: 400;\">L\u2019animation de la vie institutionnelle et les mesures prises pour favoriser les relations entre ces participants ;<\/span><\/li>\n<li style=\"font-weight: 400;\" aria-level=\"1\"><span style=\"font-weight: 400;\">Les modifications substantielles touchant aux conditions de prises en charge.<\/span><\/li>\n<\/ul>\n<hr \/>\n<p><span style=\"color: #333399;\"><span style=\"font-weight: 400;\">Le CVS est <\/span><b>obligatoirement consult\u00e9 sur l\u2019\u00e9laboration du r\u00e8glement de fonctionnement, <\/b><span style=\"font-weight: 400;\">ainsi que concernant<\/span><b> le projet d\u2019\u00e9tablissement ou de service <\/b><span style=\"font-weight: 400;\">en particulier sur son volet portant sur la politique de pr\u00e9vention et de lutte contre la maltraitance.\u00a0<\/span><\/span><\/p>\n<p><span style=\"color: #333399;\"><span style=\"font-weight: 400;\">D\u00e9sormais, la direction de l\u2019\u00e9tablissement ou du service est tenue de consulter le CVS et met en place d\u2019autres formes de participation lors de sa <\/span><b><i>d\u00e9marche d\u2019\u00e9valuation de la qualit\u00e9 des prestations<\/i><\/b><span style=\"font-weight: 400;\">. Le CVS est par ailleurs entendu lors de la proc\u00e9dure d\u2019\u00e9valuation, inform\u00e9 des r\u00e9sultats et associ\u00e9 aux mesures correctrices \u00e0 mettre en place.\u00a0<\/span><\/span><\/p>\n<p><span style=\"color: #333399;\"><span style=\"font-weight: 400;\">Celui-ci est \u00e9galement consult\u00e9 sur le <\/span><b><i>plan d\u2019organisation des transports <\/i><\/b><span style=\"font-weight: 400;\">des personnes adultes handicap\u00e9es b\u00e9n\u00e9ficiant d\u2019un accueil de jour.\u00a0<\/span><\/span><\/p>\n<p style=\"text-align: justify;\"><span style=\"color: #333399;\"><span style=\"font-weight: 400;\">De m\u00eame, le CVS est <\/span><b>avis\u00e9 des dysfonctionnements et des \u00e9v\u00e9nements ind\u00e9sirables qui affectent l\u2019organisation ou le fonctionnement de la structure. <\/b><span style=\"font-weight: 400;\">Dans le cas o\u00f9 il est saisi de demandes d\u2019information ou de r\u00e9clamations de cette nature, le pr\u00e9sident oriente les demandeurs vers les personnes qualifi\u00e9es, le dispositif de m\u00e9diation ou le d\u00e9l\u00e9gu\u00e9 territorial du d\u00e9fenseur des droits.<\/span><\/span><\/p>\n<p style=\"text-align: justify;\"><span style=\"color: #003da6;\"><span style=\"font-weight: 400;\"><\/span><\/span><\/p>\n<ul>\n<li style=\"font-weight: 400;\" aria-level=\"1\"><span style=\"font-weight: 400;\">Afin d\u2019enrichir le contenu des \u00e9changes lors des r\u00e9unions du CVS, un soutien permettant de r\u00e9interroger l\u2019ensemble des attributions ci-dessus \u00e9nonc\u00e9es est propos\u00e9 \u00e0 l\u2019occasion des diff\u00e9rentes s\u00e9ances de pr\u00e9paration.<\/span><\/li>\n<li style=\"font-weight: 400;\" aria-level=\"1\"><span style=\"font-weight: 400;\">Dans un souci d\u2019apporter de mani\u00e8re r\u00e9active des r\u00e9ponses concr\u00e8tes aux demandes des personnes accompagn\u00e9es, une attention particuli\u00e8re doit \u00eatre port\u00e9e aux diff\u00e9rents \u00e9v\u00e9nements ponctuant l\u2019ann\u00e9e (exemples : organisation des s\u00e9jours de vacances, d\u00e9coration des locaux \u00e0 l\u2019occasion des f\u00eates de No\u00ebl, consultation concernant les travaux projet\u00e9s, etc.).<\/span><\/li>\n<li style=\"font-weight: 400;\" aria-level=\"1\"><span style=\"font-weight: 400;\">En vue de s\u2019assurer de la prise en compte effective des demandes formul\u00e9es, un suivi des actions doit \u00eatre organis\u00e9 entre chaque r\u00e9union de CVS (exemples : tenue d\u2019un \u00e9ch\u00e9ancier indiquant les dates de r\u00e9alisation de chaque action, rencontres interm\u00e9diaires avec les Pr\u00e9sident et Pr\u00e9sident suppl\u00e9ant du CVS, etc.).<\/span><\/li>\n<li style=\"font-weight: 400;\" aria-level=\"1\"><span style=\"font-weight: 400;\">En compl\u00e9ment des r\u00e9unions de CVS, des enqu\u00eates de satisfaction et autres questionnaires peuvent \u00eatre \u00e9labor\u00e9s en vue de recueillir l\u2019avis des personnes accompagn\u00e9es et de leur famille. <\/span><\/li>\n<\/ul>\n<p>[\/et_pb_accordion_item][et_pb_accordion_item title=\u00a0\u00bb2 &#8211; Qui participe au CVS ?\u00a0\u00bb _builder_version=\u00a0\u00bb4.19.0&Prime; _module_preset=\u00a0\u00bbdefault\u00a0\u00bb hover_enabled=\u00a0\u00bb0&Prime; global_colors_info=\u00a0\u00bb{}\u00a0\u00bb open=\u00a0\u00bboff\u00a0\u00bb sticky_enabled=\u00a0\u00bb0&Prime;]<\/p>\n<p><strong>Le conseil de la vie sociale comprend au moins : <\/strong><\/p>\n<ul>\n<li style=\"text-align: justify;\">Deux repr\u00e9sentants des personnes accompagn\u00e9es ;<\/li>\n<li style=\"text-align: justify;\">Un repr\u00e9sentant des professionnels employ\u00e9s par l\u2019\u00e9tablissement ou le service (anciennet\u00e9 au moins \u00e9gale \u00e0 6 mois) ;<\/li>\n<li style=\"text-align: justify;\">Un repr\u00e9sentant de l&rsquo;organisme gestionnaire.<\/li>\n<\/ul>\n<p><b>Si la nature de l\u2019\u00e9tablissement ou du service le justifie, il comprend \u00e9galement :\u00a0<\/b><\/p>\n<ul>\n<li style=\"font-weight: 400;\" aria-level=\"1\"><span style=\"font-weight: 400;\">Un repr\u00e9sentant de groupement des personnes accompagn\u00e9es de la cat\u00e9gorie concern\u00e9e d\u2019\u00e9tablissements ou de services ;\u00a0<\/span><\/li>\n<li style=\"font-weight: 400;\" aria-level=\"1\"><span style=\"font-weight: 400;\">Un repr\u00e9sentant des familles ou des proches aidants des personnes accompagn\u00e9es ;\u00a0<\/span><\/li>\n<li style=\"font-weight: 400;\" aria-level=\"1\"><span style=\"font-weight: 400;\">Un repr\u00e9sentant des repr\u00e9sentants l\u00e9gaux des personnes accompagn\u00e9es ;\u00a0<\/span><\/li>\n<li style=\"font-weight: 400;\" aria-level=\"1\"><span style=\"font-weight: 400;\">Un repr\u00e9sentant des mandataires judiciaires \u00e0 la protection des majeurs dans les \u00e9tablissements et services relevant du 14\u00b0 du I de l\u2019article L. 312-1 ;\u00a0<\/span><\/li>\n<li style=\"font-weight: 400;\" aria-level=\"1\"><span style=\"font-weight: 400;\">Un repr\u00e9sentant des b\u00e9n\u00e9voles accompagnant les personnes s\u2019ils interviennent dans l\u2019\u00e9tablissement ou le service;\u00a0<\/span><\/li>\n<li style=\"font-weight: 400;\" aria-level=\"1\"><span style=\"font-weight: 400;\">Le m\u00e9decin coordonnateur de l\u2019\u00e9tablissement ;\u00a0<\/span><\/li>\n<li style=\"font-weight: 400;\" aria-level=\"1\"><span style=\"font-weight: 400;\">Un repr\u00e9sentant des membres de l\u2019\u00e9quipe m\u00e9dico-soignante.\u00a0<\/span><\/li>\n<\/ul>\n<hr \/>\n<p><span style=\"color: #333399;\"><b>Le nombre des repr\u00e9sentants des personnes accueillies, d\u2019une part, et de leur famille ou de leurs repr\u00e9sentants l\u00e9gaux, d\u2019autre part, doit \u00eatre sup\u00e9rieur \u00e0 la moiti\u00e9 du nombre total des membres du conseil.<\/b><\/span><\/p>\n<p><span style=\"font-weight: 400; color: #333399;\">Le conseil peut appeler toute personne \u00e0 participer \u00e0 ses r\u00e9unions \u00e0 titre facultatif en fonction de l\u2019ordre du jour. Peuvent demander \u00e0 assister aux d\u00e9bats :\u00a0<\/span><\/p>\n<ul>\n<li style=\"font-weight: 400;\" aria-level=\"1\"><span style=\"font-weight: 400; color: #333399;\">un repr\u00e9sentant \u00e9lu de la commune d\u2019implantation de l\u2019activit\u00e9 ou un repr\u00e9sentant \u00e9lu d\u2019un groupement de coop\u00e9ration intercommunale ;<\/span><\/li>\n<li style=\"font-weight: 400;\" aria-level=\"1\"><span style=\"font-weight: 400; color: #333399;\">un repr\u00e9sentant du conseil d\u00e9partemental ;\u00a0<\/span><\/li>\n<li style=\"font-weight: 400;\" aria-level=\"1\"><span style=\"font-weight: 400; color: #333399;\">un repr\u00e9sentant de l\u2019autorit\u00e9 comp\u00e9tente pour d\u00e9livrer l\u2019autorisation ;\u00a0<\/span><\/li>\n<li style=\"font-weight: 400;\" aria-level=\"1\"><span style=\"font-weight: 400; color: #333399;\">un repr\u00e9sentant du conseil d\u00e9partemental de la citoyennet\u00e9 et de l\u2019autonomie ;<\/span><\/li>\n<li style=\"font-weight: 400;\" aria-level=\"1\"><span style=\"font-weight: 400; color: #333399;\">une personne qualifi\u00e9e (cf. liste \u00e9tablie conjointement par le repr\u00e9sentant de l\u2019Etat dans le d\u00e9partement, le directeur g\u00e9n\u00e9ral de l\u2019ARS et le pr\u00e9sident du conseil d\u00e9partemental) ;<\/span><\/li>\n<li style=\"font-weight: 400;\" aria-level=\"1\"><span style=\"font-weight: 400; color: #333399;\">le repr\u00e9sentant du d\u00e9fenseur des droits.\u00a0<\/span><\/li>\n<\/ul>\n<p>&nbsp;<\/p>\n<ul>\n<li style=\"font-weight: 400;\" aria-level=\"1\"><span style=\"font-weight: 400;\">Afin de favoriser le droit d\u2019expression, la participation d\u2019un nombre maximum de personnes accompagn\u00e9es, de familles et de repr\u00e9sentants l\u00e9gaux doit \u00eatre encourag\u00e9e.\u00a0<\/span><\/li>\n<li style=\"font-weight: 400;\" aria-level=\"1\"><span style=\"font-weight: 400;\">Des actions de formation \u00e0 la fonction repr\u00e9sentative doivent \u00eatre propos\u00e9es individuellement ou collectivement aux repr\u00e9sentants des personnes accompagn\u00e9es, afin que ceux-ci puissent exercer leur mandat dans les meilleures conditions.<\/span><\/li>\n<li style=\"font-weight: 400;\" aria-level=\"1\"><span style=\"font-weight: 400;\">L\u2019organisation et la pr\u00e9paration des CVS ne doit pas reposer uniquement sur les repr\u00e9sentants \u00e9lus des professionnels. En effet, tous les salari\u00e9s doivent contribuer activement \u00e0 la vie de cette instance.<\/span><\/li>\n<\/ul>\n<p>[\/et_pb_accordion_item][et_pb_accordion_item title=\u00a0\u00bb3 \u2013 Qui pr\u00e9side le CVS ?\u00a0\u00bb open=\u00a0\u00bboff\u00a0\u00bb _builder_version=\u00a0\u00bb4.19.0&Prime; _module_preset=\u00a0\u00bbdefault\u00a0\u00bb global_colors_info=\u00a0\u00bb{}\u00a0\u00bb]<\/p>\n<p><span style=\"font-weight: 400;\">Le Pr\u00e9sident du conseil et son suppl\u00e9ant sont \u00e9lus au scrutin secret et \u00e0 la majorit\u00e9 des votants <\/span><i><span style=\"font-weight: 400;\">par et parmi les membres repr\u00e9sentant les personnes accueillies <\/span><\/i><span style=\"font-weight: 400;\">ou en cas d\u2019impossibilit\u00e9 ou d\u2019emp\u00eachement, par et parmi les familles ou les repr\u00e9sentants l\u00e9gaux.<\/span><\/p>\n<ul>\n<li style=\"font-weight: 400;\" aria-level=\"1\"><span style=\"font-weight: 400;\">Le Pr\u00e9sident du CVS assure l\u2019expression libre de tous les membres. Autant que possible, il doit \u00eatre encourag\u00e9 \u00e0 conduire les d\u00e9bats et \u00e0 prendre les d\u00e9cisions qui lui incombent en vue d\u2019assurer le bon d\u00e9roulement des s\u00e9ances.<\/span><\/li>\n<li style=\"font-weight: 400;\" aria-level=\"1\"><span style=\"font-weight: 400;\">A titre de rappel, le directeur ou son repr\u00e9sentant si\u00e8ge avec voix consultative. Celui-ci doit veiller \u00e0 favoriser la circulation de la parole afin que les repr\u00e9sentants des personnes accompagn\u00e9es, des familles et\/ou des repr\u00e9sentants l\u00e9gaux puissent s\u2019exprimer librement et le plus largement possible.<\/span><\/li>\n<\/ul>\n<p>[\/et_pb_accordion_item][et_pb_accordion_item title=\u00a0\u00bb4 &#8211; Quelle est la fr\u00e9quence des r\u00e9unions ?\u00a0\u00bb _builder_version=\u00a0\u00bb4.19.0&Prime; _module_preset=\u00a0\u00bbdefault\u00a0\u00bb global_colors_info=\u00a0\u00bb{}\u00a0\u00bb open=\u00a0\u00bboff\u00a0\u00bb]<\/p>\n<p><span style=\"font-weight: 400;\">Le CVS se r\u00e9unit <\/span><b>au moins 3 fois par an<\/b><span style=\"font-weight: 400;\"> sur convocation du Pr\u00e9sident qui fixe l\u2019ordre du jour des s\u00e9ances. Celui-ci doit \u00eatre communiqu\u00e9 au moins quinze jours avant la tenue du CVS et \u00eatre accompagn\u00e9 des informations n\u00e9cessaires.\u00a0<\/span><\/p>\n<ul>\n<li style=\"font-weight: 400;\" aria-level=\"1\"><span style=\"font-weight: 400;\">Outre les trois r\u00e9unions annuelles obligatoires, le conseil est r\u00e9uni de plein droit \u00e0 la demande, selon le cas, la majorit\u00e9 des membres du CVS ou de la personne gestionnaire.\u00a0<\/span><\/li>\n<li style=\"font-weight: 400;\" aria-level=\"1\"><span style=\"font-weight: 400;\">Afin de promouvoir la participation de l\u2019ensemble des repr\u00e9sentants du CVS, un calendrier indiquant les dates des futures r\u00e9unions est \u00e9tabli chaque ann\u00e9e de mani\u00e8re coll\u00e9giale. Cette planification est express\u00e9ment transmise au Pr\u00e9sident de l\u2019AAPISE.<\/span><\/li>\n<\/ul>\n<p>[\/et_pb_accordion_item][et_pb_accordion_item title=\u00a0\u00bb5 &#8211; Un relev\u00e9 de conclusions est-il obligatoirement \u00e9tabli apr\u00e8s chaque r\u00e9union ?\u00a0\u00bb _builder_version=\u00a0\u00bb4.19.0&Prime; _module_preset=\u00a0\u00bbdefault\u00a0\u00bb global_colors_info=\u00a0\u00bb{}\u00a0\u00bb open=\u00a0\u00bboff\u00a0\u00bb]<\/p>\n<p><span style=\"font-weight: 400;\">Le relev\u00e9 de conclusions de chaque s\u00e9ance est \u00e9tabli par le secr\u00e9taire de s\u00e9ance, d\u00e9sign\u00e9 par et parmi les personnes accompagn\u00e9es ou en cas d\u2019impossibilit\u00e9 ou d\u2019emp\u00eachement, par et parmi les repr\u00e9sentants des familles ou repr\u00e9sentants l\u00e9gaux, assist\u00e9 en tant que de besoin par l\u2019administration de l\u2019\u00e9tablissement, service ou lieu de vie et d\u2019accueil. Il est sign\u00e9 par le Pr\u00e9sident et transmis en m\u00eame temps que l\u2019ordre du jour en vue de son adoption par le conseil. Ce document est ensuite transmis \u00e0 l\u2019instance comp\u00e9tente de l\u2019organisme gestionnaire et \u00e0 l\u2019autorit\u00e9 administrative comp\u00e9tente.\u00a0<\/span><\/p>\n<p><span style=\"font-weight: 400;\">Chaque ann\u00e9e, le conseil de la vie sociale r\u00e9dige un rapport d\u2019activit\u00e9 que le Pr\u00e9sident du CVS pr\u00e9sente \u00e0 l\u2019instance comp\u00e9tente de l\u2019organisme gestionnaire de l\u2019\u00e9tablissement.\u00a0<\/span><\/p>\n<ul>\n<li style=\"font-weight: 400;\" aria-level=\"1\"><span style=\"font-weight: 400;\">Selon les possibilit\u00e9s de prise de notes et de r\u00e9daction pr\u00e9sent\u00e9es par les repr\u00e9sentants des personnes accueillies, un soutien des professionnels de l\u2019\u00e9tablissement ou du service sera syst\u00e9matiquement propos\u00e9.<\/span><\/li>\n<li style=\"font-weight: 400;\" aria-level=\"1\"><span style=\"font-weight: 400;\">Afin de rendre l\u2019information accessible \u00e0 tous, le relev\u00e9 de conclusions doit \u00eatre r\u00e9dig\u00e9 en adoptant une forme de communication adapt\u00e9e (exemples : pictogrammes, traduction du texte en \u00ab facile \u00e0 lire et \u00e0 comprendre FALC \u00bb, etc.).<\/span><\/li>\n<li style=\"font-weight: 400;\" aria-level=\"1\"><span style=\"font-weight: 400;\">Dans le souci de pr\u00e9server le sens de cette instance et permettre aux personnes accompagn\u00e9es d\u2019obtenir des r\u00e9ponses rapides et concr\u00e8tes aux demandes formul\u00e9es, un relev\u00e9 de conclusions provisoire doit \u00eatre port\u00e9 \u00e0 la connaissance des membres du CVS au plus tard dans le mois suivant la date de la derni\u00e8re r\u00e9union.<\/span><\/li>\n<li style=\"font-weight: 400;\" aria-level=\"1\"><span style=\"font-weight: 400;\">Ce relev\u00e9 de conclusions sera ensuite transmis en m\u00eame temps que le prochain ordre du jour en vue de son adoption par le CVS. Une fois adopt\u00e9, il sera adress\u00e9 au Pr\u00e9sident de l\u2019AAPISE et fera l\u2019objet d\u2019un affichage sur un panneau sp\u00e9cifiquement d\u00e9di\u00e9 aux informations du CVS. Ce document sera \u00e9galement consultable sur l\u2019espace num\u00e9rique r\u00e9serv\u00e9 aux familles. <\/span><\/li>\n<\/ul>\n<p>[\/et_pb_accordion_item][et_pb_accordion_item title=\u00a0\u00bb6 &#8211; Qu\u2019en est-il de la confidentialit\u00e9 des \u00e9changes ?\u00a0\u00bb _builder_version=\u00a0\u00bb4.19.0&Prime; _module_preset=\u00a0\u00bbdefault\u00a0\u00bb global_colors_info=\u00a0\u00bb{}\u00a0\u00bb open=\u00a0\u00bboff\u00a0\u00bb]<\/p>\n<p><span style=\"font-weight: 400;\">Le CVS \u00e9tant une instance visant exclusivement \u00e0 associer les personnes accompagn\u00e9es au fonctionnement de l\u2019\u00e9tablissement, celui-ci n\u2019a pas vocation \u00e0 s\u2019exprimer et \u00e0 statuer sur les situations individuelles des b\u00e9n\u00e9ficiaires accueillis.<\/span><\/p>\n<p style=\"text-align: justify;\"><i><span style=\"font-weight: 400;\">Toutefois, <\/span><\/i><i><span style=\"font-weight: 400;\">les informations \u00e9chang\u00e9es lors des d\u00e9bats qui sont relatives aux personnes doivent rester confidentielles.<\/span><\/i><\/p>\n<p>[\/et_pb_accordion_item][et_pb_accordion_item title=\u00a0\u00bb7 &#8211; Quels sont les autres droits garantis aux personnes accueillies et \u00e0 leurs repr\u00e9sentants ?\u00a0\u00bb _builder_version=\u00a0\u00bb4.19.0&Prime; _module_preset=\u00a0\u00bbdefault\u00a0\u00bb global_colors_info=\u00a0\u00bb{}\u00a0\u00bb open=\u00a0\u00bboff\u00a0\u00bb]<\/p>\n<ul>\n<li style=\"font-weight: 400;\" aria-level=\"1\"><span style=\"font-weight: 400;\">Le temps de pr\u00e9sence des personnes en situation de handicap accompagn\u00e9es en ESAT dans les instances de participation est consid\u00e9r\u00e9 comme un temps de travail.<\/span><\/li>\n<li style=\"font-weight: 400;\" aria-level=\"1\"><span style=\"font-weight: 400;\">Les repr\u00e9sentants des personnes accompagn\u00e9es peuvent en tant que de besoin se faire assister d\u2019une tierce personne ou d\u2019un organisme aidant \u00e0 la traduction afin de permettre la compr\u00e9hension de leurs interventions.<\/span><\/li>\n<\/ul>\n<p>[\/et_pb_accordion_item][\/et_pb_accordion][\/et_pb_column][\/et_pb_row][\/et_pb_section]<\/p>\n","protected":false},"excerpt":{"rendered":"<p>Qu&rsquo;est-ce qu&rsquo;un CVSQu\u2019est-ce qu\u2019un Conseil de la Vie Sociale ?Cliquez sur l\u2019image pour voir le document (PDF).Entr\u00e9 en vigueur le 1er janvier 2023, le d\u00e9cret n\u00b0 2022-688 du 25 avril 2022 portant modification du conseil de la vie sociale et autres formes de participation pr\u00e9voit de nouvelles dispositions concernant la composition, le fonctionnement et les [&hellip;]<\/p>\n","protected":false},"author":1,"featured_media":0,"parent":0,"menu_order":0,"comment_status":"closed","ping_status":"closed","template":"","meta":{"_et_pb_use_builder":"on","_et_pb_old_content":"","_et_gb_content_width":"","footnotes":""},"class_list":["post-2574","page","type-page","status-publish","hentry"],"_links":{"self":[{"href":"https:\/\/famille.aapise.fr\/wordpress\/wp-json\/wp\/v2\/pages\/2574","targetHints":{"allow":["GET"]}}],"collection":[{"href":"https:\/\/famille.aapise.fr\/wordpress\/wp-json\/wp\/v2\/pages"}],"about":[{"href":"https:\/\/famille.aapise.fr\/wordpress\/wp-json\/wp\/v2\/types\/page"}],"author":[{"embeddable":true,"href":"https:\/\/famille.aapise.fr\/wordpress\/wp-json\/wp\/v2\/users\/1"}],"replies":[{"embeddable":true,"href":"https:\/\/famille.aapise.fr\/wordpress\/wp-json\/wp\/v2\/comments?post=2574"}],"version-history":[{"count":18,"href":"https:\/\/famille.aapise.fr\/wordpress\/wp-json\/wp\/v2\/pages\/2574\/revisions"}],"predecessor-version":[{"id":3043,"href":"https:\/\/famille.aapise.fr\/wordpress\/wp-json\/wp\/v2\/pages\/2574\/revisions\/3043"}],"wp:attachment":[{"href":"https:\/\/famille.aapise.fr\/wordpress\/wp-json\/wp\/v2\/media?parent=2574"}],"curies":[{"name":"wp","href":"https:\/\/api.w.org\/{rel}","templated":true}]}}